{"id":47068,"date":"2025-02-25T15:39:33","date_gmt":"2025-02-25T13:39:33","guid":{"rendered":"https:\/\/xn--sykett-gua.fi\/kuopio\/?page_id=47068"},"modified":"2026-02-12T09:08:01","modified_gmt":"2026-02-12T07:08:01","slug":"varkauden-liikuntailtapaiva","status":"publish","type":"page","link":"https:\/\/xn--sykett-gua.fi\/kuopio\/varkaus\/varkauden-liikuntailtapaiva\/","title":{"rendered":"Varkauden liikuntailtap\u00e4iv\u00e4"},"content":{"rendered":"\t\t<div data-elementor-type=\"wp-page\" data-elementor-id=\"47068\" class=\"elementor elementor-47068\" data-elementor-post-type=\"page\">\n\t\t\t\t<div data-particle_enable=\"false\" data-particle-mobile-disabled=\"false\" class=\"elementor-element elementor-element-9828411 e-flex e-con-boxed e-con e-parent\" data-id=\"9828411\" data-element_type=\"container\" data-e-type=\"container\">\n\t\t\t\t\t<div class=\"e-con-inner\">\n\t\t<div data-particle_enable=\"false\" data-particle-mobile-disabled=\"false\" class=\"elementor-element elementor-element-f29c345 e-con-full e-flex e-con e-child\" data-id=\"f29c345\" data-element_type=\"container\" data-e-type=\"container\">\n\t\t\t\t<div class=\"elementor-element elementor-element-51dfff7 elementor-widget elementor-widget-text-editor\" data-id=\"51dfff7\" data-element_type=\"widget\" data-e-type=\"widget\" data-widget_type=\"text-editor.default\">\n\t\t\t\t<div class=\"elementor-widget-container\">\n\t\t\t\t\t\t\t\t\t<h2 class=\"page-title\">Varkaus \u2013 liikuntailtap\u00e4iv\u00e4 tiistaina 17.2.2026<\/h2><p>In English below!<\/p><p>Savonian opiskelijoiden ja henkil\u00f6st\u00f6n yhteist\u00e4 liikuntailtap\u00e4iv\u00e4\u00e4 vietet\u00e4\u00e4n tiistaina <strong>17.2.2026<\/strong><strong>\u00a0klo 12-16<\/strong>\u00a0v\u00e4lisen\u00e4 aikana. Yhteisty\u00f6kumppanimme tarjoavat t\u00e4ll\u00e4kin kertaa monenlaisia liikuntael\u00e4myksi\u00e4 teille. Muistathan, ett\u00e4 sinulla on mahdollisuus liikkua muutoinkin\u00a0<a href=\"https:\/\/xn--sykett-gua.fi\/kuopio\/fi\/varkaus-liikuntaedut\/\" target=\"_blank\" rel=\"noreferrer noopener\">etuhintaan yhteisty\u00f6kumppaniemme kanssa<\/a>.<\/p><p>Liikuntailtap\u00e4iv\u00e4 on hyv\u00e4 mahdollisuus l\u00e4hte\u00e4 porukalla nauttimaan syyss\u00e4\u00e4st\u00e4 ja luonnosta! Ker\u00e4\u00e4 siis opiskelu- tai ty\u00f6porukka kasaan ja l\u00e4hde yhdess\u00e4 virkistym\u00e4\u00e4n. T\u00e4lle sivulle on koottu vinkkej\u00e4 alueen ulkoilumahdollisuuksista.<\/p><p class=\"wp-block-heading\"><strong>L\u00e4hdet\u00e4\u00e4n porukalla\u00a0liikkumaan ja rentoutumaan!<\/strong><\/p><p>Tiesitk\u00f6, ett\u00e4 voit osallistua my\u00f6s Kuopion tai Iisalmen ohjelmaan, jos ne sopivat logistisesti paremmin? <b>Katso ohjelmat alta.<\/b><\/p>\t\t\t\t\t\t\t\t<\/div>\n\t\t\t\t<\/div>\n\t\t\t\t<div class=\"elementor-element elementor-element-2430a07 elementor-widget elementor-widget-button\" data-id=\"2430a07\" data-element_type=\"widget\" data-e-type=\"widget\" data-widget_type=\"button.default\">\n\t\t\t\t<div class=\"elementor-widget-container\">\n\t\t\t\t\t\t\t\t\t<div class=\"elementor-button-wrapper\">\n\t\t\t\t\t<a class=\"elementor-button elementor-button-link elementor-size-sm\" href=\"\/kuopio\/muut-palvelut\/liikuntailtapaiva\/\">\n\t\t\t\t\t\t<span class=\"elementor-button-content-wrapper\">\n\t\t\t\t\t\t\t\t\t<span class=\"elementor-button-text\">Kuopion ohjelma<\/span>\n\t\t\t\t\t<\/span>\n\t\t\t\t\t<\/a>\n\t\t\t\t<\/div>\n\t\t\t\t\t\t\t\t<\/div>\n\t\t\t\t<\/div>\n\t\t\t\t<div class=\"elementor-element elementor-element-d3e32c5 elementor-widget elementor-widget-button\" data-id=\"d3e32c5\" data-element_type=\"widget\" data-e-type=\"widget\" data-widget_type=\"button.default\">\n\t\t\t\t<div class=\"elementor-widget-container\">\n\t\t\t\t\t\t\t\t\t<div class=\"elementor-button-wrapper\">\n\t\t\t\t\t<a class=\"elementor-button elementor-button-link elementor-size-sm\" href=\"https:\/\/xn--sykett-gua.fi\/kuopio\/iisalmi\/iisalmen-liikuntailtapaiva\/\">\n\t\t\t\t\t\t<span class=\"elementor-button-content-wrapper\">\n\t\t\t\t\t\t\t\t\t<span class=\"elementor-button-text\">Iisalmen ohjelma<\/span>\n\t\t\t\t\t<\/span>\n\t\t\t\t\t<\/a>\n\t\t\t\t<\/div>\n\t\t\t\t\t\t\t\t<\/div>\n\t\t\t\t<\/div>\n\t\t\t\t<div class=\"elementor-element elementor-element-1e69efe elementor-widget elementor-widget-text-editor\" data-id=\"1e69efe\" data-element_type=\"widget\" data-e-type=\"widget\" data-widget_type=\"text-editor.default\">\n\t\t\t\t<div class=\"elementor-widget-container\">\n\t\t\t\t\t\t\t\t\t<p><strong><a href=\"#english\">Info in English<\/a> at the bottom of this page!<\/strong><\/p><p><strong>J\u00e4ik\u00f6 kysytt\u00e4v\u00e4\u00e4? Need help?<\/strong>\u00a0<em>Contact sports coordinator Tiitta, tiitta.raatikainen@savonia.fi<\/em><\/p><p><strong>Muista kertoa liikuntapaikan kassalla, ett\u00e4 olet viett\u00e4m\u00e4ss\u00e4 Savonian liikuntailtap\u00e4iv\u00e4\u00e4! N\u00e4yt\u00e4 opiskelija- tai henkil\u00f6st\u00f6korttisi menness\u00e4si liikkumaan.<\/strong><\/p>\t\t\t\t\t\t\t\t<\/div>\n\t\t\t\t<\/div>\n\t\t\t\t<\/div>\n\t\t<div data-particle_enable=\"false\" data-particle-mobile-disabled=\"false\" class=\"elementor-element elementor-element-9795088 e-con-full e-flex e-con e-child\" data-id=\"9795088\" data-element_type=\"container\" data-e-type=\"container\">\n\t\t\t\t<div class=\"elementor-element elementor-element-57af3fa elementor-widget elementor-widget-image\" data-id=\"57af3fa\" data-element_type=\"widget\" data-e-type=\"widget\" data-widget_type=\"image.default\">\n\t\t\t\t<div class=\"elementor-widget-container\">\n\t\t\t\t\t\t\t\t\t\t\t\t\t\t\t<img fetchpriority=\"high\" decoding=\"async\" width=\"800\" height=\"450\" src=\"https:\/\/xn--sykett-gua.fi\/kuopio\/wp-content\/uploads\/sites\/2\/2025\/02\/syketta-liikuntailtapaiva_Syketta-liikuntailtapaiva-talvi-kuopio-1024x576.png\" class=\"attachment-large size-large wp-image-47063\" alt=\"\" srcset=\"https:\/\/xn--sykett-gua.fi\/kuopio\/wp-content\/uploads\/sites\/2\/2025\/02\/syketta-liikuntailtapaiva_Syketta-liikuntailtapaiva-talvi-kuopio-1024x576.png 1024w, https:\/\/xn--sykett-gua.fi\/kuopio\/wp-content\/uploads\/sites\/2\/2025\/02\/syketta-liikuntailtapaiva_Syketta-liikuntailtapaiva-talvi-kuopio-300x169.png 300w, https:\/\/xn--sykett-gua.fi\/kuopio\/wp-content\/uploads\/sites\/2\/2025\/02\/syketta-liikuntailtapaiva_Syketta-liikuntailtapaiva-talvi-kuopio-768x432.png 768w, https:\/\/xn--sykett-gua.fi\/kuopio\/wp-content\/uploads\/sites\/2\/2025\/02\/syketta-liikuntailtapaiva_Syketta-liikuntailtapaiva-talvi-kuopio-1536x864.png 1536w, https:\/\/xn--sykett-gua.fi\/kuopio\/wp-content\/uploads\/sites\/2\/2025\/02\/syketta-liikuntailtapaiva_Syketta-liikuntailtapaiva-talvi-kuopio-2048x1152.png 2048w\" sizes=\"(max-width: 800px) 100vw, 800px\" \/>\t\t\t\t\t\t\t\t\t\t\t\t\t\t\t<\/div>\n\t\t\t\t<\/div>\n\t\t\t\t<\/div>\n\t\t\t\t\t<\/div>\n\t\t\t\t<\/div>\n\t\t<div data-particle_enable=\"false\" data-particle-mobile-disabled=\"false\" class=\"elementor-element elementor-element-cfc6fb7 e-flex e-con-boxed e-con e-parent\" data-id=\"cfc6fb7\" data-element_type=\"container\" data-e-type=\"container\" data-settings=\"{&quot;background_background&quot;:&quot;classic&quot;}\">\n\t\t\t\t\t<div class=\"e-con-inner\">\n\t\t\t\t<div class=\"elementor-element elementor-element-3611d46 elementor-widget elementor-widget-heading\" data-id=\"3611d46\" data-element_type=\"widget\" data-e-type=\"widget\" data-widget_type=\"heading.default\">\n\t\t\t\t<div class=\"elementor-widget-container\">\n\t\t\t\t\t<h2 class=\"elementor-heading-title elementor-size-default\">Kev\u00e4t 2026 ohjelma <\/h2>\t\t\t\t<\/div>\n\t\t\t\t<\/div>\n\t\t\t\t<div class=\"elementor-element elementor-element-4d9e7f1 elementor-widget elementor-widget-text-editor\" data-id=\"4d9e7f1\" data-element_type=\"widget\" data-e-type=\"widget\" data-widget_type=\"text-editor.default\">\n\t\t\t\t<div class=\"elementor-widget-container\">\n\t\t\t\t\t\t\t\t\t<h3 class=\"wp-block-heading\"><a href=\"https:\/\/varkaus.fi\/fi\/sivu\/ulkoilu-ja-liikuntapaikat\">Uimahalli Ilopisara<\/a><\/h3><ul class=\"wp-block-list\"><li>klo 12-16 uimaan ja\/tai kuntosalille<\/li><li>ei ennakkoilmoittautumista<\/li><li>ILMAINEN: kerro kassalla osallistuvasi Savonian liikuntailtap\u00e4iv\u00e4\u00e4n<\/li><li><a href=\"https:\/\/maps.app.goo.gl\/yfKyWR17PZccYdg7A\">Ahlstr\u00f6minkatu 11, 78250 Varkaus<\/a><\/li><\/ul>\t\t\t\t\t\t\t\t<\/div>\n\t\t\t\t<\/div>\n\t\t\t\t<div class=\"elementor-element elementor-element-b182823 elementor-widget elementor-widget-text-editor\" data-id=\"b182823\" data-element_type=\"widget\" data-e-type=\"widget\" data-widget_type=\"text-editor.default\">\n\t\t\t\t<div class=\"elementor-widget-container\">\n\t\t\t\t\t\t\t\t\t<h3 class=\"wp-block-heading\"><a href=\"https:\/\/varkaudenkeilahalli.fi\/\">Varkauden keilahalli<\/a><\/h3><ul><li>klo 13.30-14.30 3 rataa<\/li><li>klo 14.30-15.30 3 rataa<\/li><li>ILMOITTAUDU pe 13.2. klo 12.30 menness\u00e4 s\u00e4hk\u00f6postitse tiitta.raatikainen@savonia.fi<\/li><li>ILMAINEN<\/li><li>J\u00e4rvel\u00e4nkatu 12, Varkauden liikuntatalon 2. kerros<\/li><li style=\"list-style-type: none;\">\u00a0<\/li><\/ul>\t\t\t\t\t\t\t\t<\/div>\n\t\t\t\t<\/div>\n\t\t\t\t\t<\/div>\n\t\t\t\t<\/div>\n\t\t<div data-particle_enable=\"false\" data-particle-mobile-disabled=\"false\" class=\"elementor-element elementor-element-4289afd e-flex e-con-boxed e-con e-parent\" data-id=\"4289afd\" data-element_type=\"container\" data-e-type=\"container\">\n\t\t\t\t\t<div class=\"e-con-inner\">\n\t\t\t\t<div class=\"elementor-element elementor-element-68d863e elementor-widget elementor-widget-menu-anchor\" data-id=\"68d863e\" data-element_type=\"widget\" data-e-type=\"widget\" data-widget_type=\"menu-anchor.default\">\n\t\t\t\t<div class=\"elementor-widget-container\">\n\t\t\t\t\t\t\t<div class=\"elementor-menu-anchor\" id=\"english\"><\/div>\n\t\t\t\t\t\t<\/div>\n\t\t\t\t<\/div>\n\t\t<div data-particle_enable=\"false\" data-particle-mobile-disabled=\"false\" class=\"elementor-element elementor-element-d2a8d72 e-con-full e-flex e-con e-child\" data-id=\"d2a8d72\" data-element_type=\"container\" data-e-type=\"container\">\n\t\t\t\t<div class=\"elementor-element elementor-element-9ad62e1 elementor-widget elementor-widget-text-editor\" data-id=\"9ad62e1\" data-element_type=\"widget\" data-e-type=\"widget\" data-widget_type=\"text-editor.default\">\n\t\t\t\t<div class=\"elementor-widget-container\">\n\t\t\t\t\t\t\t\t\t<h2 class=\"wp-block-heading\">IN ENGLISH \u2013 Sports afternoon wednesday 17.2.2026 at 12-16<\/h2>\n<p>Savonia University of Applied Sciences\u2019 students and staff members are enjoying their own sports afternoon on <strong>Tuesday 17.2.2026<\/strong><b>&nbsp;at 12.00-16.00<\/b>. Every event in sports afternoon is open for all students and staff members of Savonia.<\/p>\n<p>According to Savonia\u2019s decision, staff members of Savonia have the opportunity to participate organized events in sports afternoon or do sports otherwise with their working partners. In addition, sports afternoon is free of teaching.<\/p>\n<p>Did you know that you can also participate in the Sports Afternoon event in Kuopio or Iisalmi?&nbsp;<b style=\"font-size: 16px;\">See programs below.<\/b><\/p>\n<p><b style=\"font-size: 16px;\">&nbsp;<\/b><\/p>\n<p><b>ATTENTION! Spring activities will be updated during weeks 5-7!<\/b><\/p>\t\t\t\t\t\t\t\t<\/div>\n\t\t\t\t<\/div>\n\t\t\t\t<div class=\"elementor-element elementor-element-c4818b1 elementor-widget elementor-widget-button\" data-id=\"c4818b1\" data-element_type=\"widget\" data-e-type=\"widget\" data-widget_type=\"button.default\">\n\t\t\t\t<div class=\"elementor-widget-container\">\n\t\t\t\t\t\t\t\t\t<div class=\"elementor-button-wrapper\">\n\t\t\t\t\t<a class=\"elementor-button elementor-button-link elementor-size-sm\" href=\"\/kuopio\/en\/other-services\/sports-afternoon\/\">\n\t\t\t\t\t\t<span class=\"elementor-button-content-wrapper\">\n\t\t\t\t\t\t\t\t\t<span class=\"elementor-button-text\">Kuopio's program<\/span>\n\t\t\t\t\t<\/span>\n\t\t\t\t\t<\/a>\n\t\t\t\t<\/div>\n\t\t\t\t\t\t\t\t<\/div>\n\t\t\t\t<\/div>\n\t\t\t\t<div class=\"elementor-element elementor-element-4144763 elementor-widget elementor-widget-button\" data-id=\"4144763\" data-element_type=\"widget\" data-e-type=\"widget\" data-widget_type=\"button.default\">\n\t\t\t\t<div class=\"elementor-widget-container\">\n\t\t\t\t\t\t\t\t\t<div class=\"elementor-button-wrapper\">\n\t\t\t\t\t<a class=\"elementor-button elementor-button-link elementor-size-sm\" href=\"https:\/\/xn--sykett-gua.fi\/kuopio\/iisalmi\/iisalmen-liikuntailtapaiva\/\">\n\t\t\t\t\t\t<span class=\"elementor-button-content-wrapper\">\n\t\t\t\t\t\t\t\t\t<span class=\"elementor-button-text\">Iisalmi's program<\/span>\n\t\t\t\t\t<\/span>\n\t\t\t\t\t<\/a>\n\t\t\t\t<\/div>\n\t\t\t\t\t\t\t\t<\/div>\n\t\t\t\t<\/div>\n\t\t\t\t<div class=\"elementor-element elementor-element-ae39ee5 elementor-widget elementor-widget-text-editor\" data-id=\"ae39ee5\" data-element_type=\"widget\" data-e-type=\"widget\" data-widget_type=\"text-editor.default\">\n\t\t\t\t<div class=\"elementor-widget-container\">\n\t\t\t\t\t\t\t\t\t<p class=\"wp-block-heading\"><strong>Notice! When\u00a0visiting\u00a0our partner sports facilities, remember to mention that you are from Savonia! Take your student card or staff card with\u00a0you.<\/strong><\/p>\t\t\t\t\t\t\t\t<\/div>\n\t\t\t\t<\/div>\n\t\t\t\t<\/div>\n\t\t<div data-particle_enable=\"false\" data-particle-mobile-disabled=\"false\" class=\"elementor-element elementor-element-b5b440b e-con-full e-flex e-con e-child\" data-id=\"b5b440b\" data-element_type=\"container\" data-e-type=\"container\">\n\t\t\t\t<div class=\"elementor-element elementor-element-cb1f57a elementor-widget elementor-widget-image\" data-id=\"cb1f57a\" data-element_type=\"widget\" data-e-type=\"widget\" data-widget_type=\"image.default\">\n\t\t\t\t<div class=\"elementor-widget-container\">\n\t\t\t\t\t\t\t\t\t\t\t\t\t\t\t<img fetchpriority=\"high\" decoding=\"async\" width=\"800\" height=\"450\" src=\"https:\/\/xn--sykett-gua.fi\/kuopio\/wp-content\/uploads\/sites\/2\/2025\/02\/syketta-liikuntailtapaiva_Syketta-liikuntailtapaiva-talvi-kuopio-1024x576.png\" class=\"attachment-large size-large wp-image-47063\" alt=\"\" srcset=\"https:\/\/xn--sykett-gua.fi\/kuopio\/wp-content\/uploads\/sites\/2\/2025\/02\/syketta-liikuntailtapaiva_Syketta-liikuntailtapaiva-talvi-kuopio-1024x576.png 1024w, https:\/\/xn--sykett-gua.fi\/kuopio\/wp-content\/uploads\/sites\/2\/2025\/02\/syketta-liikuntailtapaiva_Syketta-liikuntailtapaiva-talvi-kuopio-300x169.png 300w, https:\/\/xn--sykett-gua.fi\/kuopio\/wp-content\/uploads\/sites\/2\/2025\/02\/syketta-liikuntailtapaiva_Syketta-liikuntailtapaiva-talvi-kuopio-768x432.png 768w, https:\/\/xn--sykett-gua.fi\/kuopio\/wp-content\/uploads\/sites\/2\/2025\/02\/syketta-liikuntailtapaiva_Syketta-liikuntailtapaiva-talvi-kuopio-1536x864.png 1536w, https:\/\/xn--sykett-gua.fi\/kuopio\/wp-content\/uploads\/sites\/2\/2025\/02\/syketta-liikuntailtapaiva_Syketta-liikuntailtapaiva-talvi-kuopio-2048x1152.png 2048w\" sizes=\"(max-width: 800px) 100vw, 800px\" \/>\t\t\t\t\t\t\t\t\t\t\t\t\t\t\t<\/div>\n\t\t\t\t<\/div>\n\t\t\t\t<\/div>\n\t\t\t\t\t<\/div>\n\t\t\t\t<\/div>\n\t\t<div data-particle_enable=\"false\" data-particle-mobile-disabled=\"false\" class=\"elementor-element elementor-element-f049168 e-flex e-con-boxed e-con e-parent\" data-id=\"f049168\" data-element_type=\"container\" data-e-type=\"container\" data-settings=\"{&quot;background_background&quot;:&quot;classic&quot;}\">\n\t\t\t\t\t<div class=\"e-con-inner\">\n\t\t\t\t<div class=\"elementor-element elementor-element-db96dcc elementor-widget elementor-widget-heading\" data-id=\"db96dcc\" data-element_type=\"widget\" data-e-type=\"widget\" data-widget_type=\"heading.default\">\n\t\t\t\t<div class=\"elementor-widget-container\">\n\t\t\t\t\t<h2 class=\"elementor-heading-title elementor-size-default\">Spring 2026<\/h2>\t\t\t\t<\/div>\n\t\t\t\t<\/div>\n\t\t\t\t<div class=\"elementor-element elementor-element-c570635 elementor-widget elementor-widget-text-editor\" data-id=\"c570635\" data-element_type=\"widget\" data-e-type=\"widget\" data-widget_type=\"text-editor.default\">\n\t\t\t\t<div class=\"elementor-widget-container\">\n\t\t\t\t\t\t\t\t\t<h3 class=\"wp-block-heading\"><a href=\"https:\/\/varkaus.fi\/fi\/sivu\/ulkoilu-ja-liikuntapaikat\">Varkaus Swimming Hall<\/a><\/h3><ul class=\"wp-block-list\"><li>at 12-16 to swim or gym<\/li><li>no need to enroll: tell that you are participating to Savonia sports afternoon<\/li><li>FREE OF CHARGE<\/li><li>Address: Ahlstr\u00f6minkatu 11,<\/li><\/ul>\t\t\t\t\t\t\t\t<\/div>\n\t\t\t\t<\/div>\n\t\t\t\t<div class=\"elementor-element elementor-element-6d49c57 elementor-widget elementor-widget-text-editor\" data-id=\"6d49c57\" data-element_type=\"widget\" data-e-type=\"widget\" data-widget_type=\"text-editor.default\">\n\t\t\t\t<div class=\"elementor-widget-container\">\n\t\t\t\t\t\t\t\t\t<h3 class=\"wp-block-heading\"><a href=\"https:\/\/varkaudenkeilahalli.fi\/\">Varkaus bowling Hall<\/a><\/h3><ul class=\"wp-block-list\"><li>at 13.30-14.30 3 bowling alleys<\/li><li>at 14.30-15.30 3 bowling alleys<\/li><li>ENROLLING by Friday 13.2. 12.30 pm via email: tiitta.raatikainen@savonia.fi<\/li><li>FREE OF CHARGE<\/li><li>Address: J\u00e4rvel\u00e4nkatu 12<\/li><\/ul>\t\t\t\t\t\t\t\t<\/div>\n\t\t\t\t<\/div>\n\t\t\t\t<div class=\"elementor-element elementor-element-65e2bc1 elementor-widget elementor-widget-text-editor\" data-id=\"65e2bc1\" data-element_type=\"widget\" data-e-type=\"widget\" data-widget_type=\"text-editor.default\">\n\t\t\t\t<div class=\"elementor-widget-container\">\n\t\t\t\t\t\t\t\t\t<h3 class=\"wp-block-heading\">Other outdoor activities<\/h3><p><a href=\"https:\/\/visitvarkaus.fi\/en\/page\/activities-and-programme-services\">https:\/\/visitvarkaus.fi\/en\/page\/activities-and-programme-services<\/a><\/p>\t\t\t\t\t\t\t\t<\/div>\n\t\t\t\t<\/div>\n\t\t\t\t\t<\/div>\n\t\t\t\t<\/div>\n\t\t\t\t<\/div>\n\t\t","protected":false},"excerpt":{"rendered":"<p>Varkaus \u2013 liikuntailtap\u00e4iv\u00e4 tiistaina 17.2.2026 In English below! Savonian opiskelijoiden ja henkil\u00f6st\u00f6n yhteist\u00e4 liikuntailtap\u00e4iv\u00e4\u00e4 vietet\u00e4\u00e4n tiistaina 17.2.2026\u00a0klo 12-16\u00a0v\u00e4lisen\u00e4 aikana. Yhteisty\u00f6kumppanimme tarjoavat t\u00e4ll\u00e4kin kertaa monenlaisia liikuntael\u00e4myksi\u00e4 teille. Muistathan, ett\u00e4 sinulla on mahdollisuus liikkua muutoinkin\u00a0etuhintaan yhteisty\u00f6kumppaniemme kanssa. Liikuntailtap\u00e4iv\u00e4 on hyv\u00e4 mahdollisuus l\u00e4hte\u00e4 porukalla nauttimaan syyss\u00e4\u00e4st\u00e4 ja luonnosta! Ker\u00e4\u00e4 siis opiskelu- tai ty\u00f6porukka kasaan ja l\u00e4hde yhdess\u00e4 virkistym\u00e4\u00e4n. [&hellip;]<\/p>\n","protected":false},"author":3,"featured_media":0,"parent":274,"menu_order":0,"comment_status":"closed","ping_status":"closed","template":"","meta":{"iawp_total_views":223,"footnotes":""},"class_list":["post-47068","page","type-page","status-publish","hentry"],"yoast_head":"<!-- This site is optimized with the Yoast SEO plugin v27.4 - https:\/\/yoast.com\/product\/yoast-seo-wordpress\/ -->\n<title>Varkauden liikuntailtap\u00e4iv\u00e4 - SYKETT\u00c4 Kuopio<\/title>\n<meta name=\"robots\" content=\"index, follow, max-snippet:-1, max-image-preview:large, max-video-preview:-1\" \/>\n<link rel=\"canonical\" href=\"https:\/\/xn--sykett-gua.fi\/kuopio\/varkaus\/varkauden-liikuntailtapaiva\/\" \/>\n<meta property=\"og:locale\" content=\"fi_FI\" \/>\n<meta property=\"og:type\" content=\"article\" \/>\n<meta property=\"og:title\" content=\"Varkauden liikuntailtap\u00e4iv\u00e4 - SYKETT\u00c4 Kuopio\" \/>\n<meta property=\"og:description\" content=\"Varkaus \u2013 liikuntailtap\u00e4iv\u00e4 tiistaina 17.2.2026 In English below! Savonian opiskelijoiden ja henkil\u00f6st\u00f6n yhteist\u00e4 liikuntailtap\u00e4iv\u00e4\u00e4 vietet\u00e4\u00e4n tiistaina 17.2.2026\u00a0klo 12-16\u00a0v\u00e4lisen\u00e4 aikana. Yhteisty\u00f6kumppanimme tarjoavat t\u00e4ll\u00e4kin kertaa monenlaisia liikuntael\u00e4myksi\u00e4 teille. Muistathan, ett\u00e4 sinulla on mahdollisuus liikkua muutoinkin\u00a0etuhintaan yhteisty\u00f6kumppaniemme kanssa. Liikuntailtap\u00e4iv\u00e4 on hyv\u00e4 mahdollisuus l\u00e4hte\u00e4 porukalla nauttimaan syyss\u00e4\u00e4st\u00e4 ja luonnosta! Ker\u00e4\u00e4 siis opiskelu- tai ty\u00f6porukka kasaan ja l\u00e4hde yhdess\u00e4 virkistym\u00e4\u00e4n. [&hellip;]\" \/>\n<meta property=\"og:url\" content=\"https:\/\/xn--sykett-gua.fi\/kuopio\/varkaus\/varkauden-liikuntailtapaiva\/\" \/>\n<meta property=\"og:site_name\" content=\"SYKETT\u00c4 Kuopio\" \/>\n<meta property=\"article:publisher\" content=\"https:\/\/www.facebook.com\/sykettakuopio\" \/>\n<meta property=\"article:modified_time\" content=\"2026-02-12T07:08:01+00:00\" \/>\n<meta property=\"og:image\" content=\"https:\/\/xn--sykett-gua.fi\/kuopio\/wp-content\/uploads\/sites\/2\/2025\/02\/syketta-liikuntailtapaiva_Syketta-liikuntailtapaiva-talvi-kuopio.png\" \/>\n\t<meta property=\"og:image:width\" content=\"2703\" \/>\n\t<meta property=\"og:image:height\" content=\"1520\" \/>\n\t<meta property=\"og:image:type\" content=\"image\/png\" \/>\n<meta name=\"twitter:card\" content=\"summary_large_image\" \/>\n<meta name=\"twitter:label1\" content=\"Arvioitu lukuaika\" \/>\n\t<meta name=\"twitter:data1\" content=\"3 minuuttia\" \/>\n<script type=\"application\/ld+json\" class=\"yoast-schema-graph\">{\"@context\":\"https:\\\/\\\/schema.org\",\"@graph\":[{\"@type\":\"WebPage\",\"@id\":\"https:\\\/\\\/xn--sykett-gua.fi\\\/kuopio\\\/varkaus\\\/varkauden-liikuntailtapaiva\\\/\",\"url\":\"https:\\\/\\\/xn--sykett-gua.fi\\\/kuopio\\\/varkaus\\\/varkauden-liikuntailtapaiva\\\/\",\"name\":\"Varkauden liikuntailtap\u00e4iv\u00e4 - SYKETT\u00c4 Kuopio\",\"isPartOf\":{\"@id\":\"https:\\\/\\\/xn--sykett-gua.fi\\\/kuopio\\\/#website\"},\"primaryImageOfPage\":{\"@id\":\"https:\\\/\\\/xn--sykett-gua.fi\\\/kuopio\\\/varkaus\\\/varkauden-liikuntailtapaiva\\\/#primaryimage\"},\"image\":{\"@id\":\"https:\\\/\\\/xn--sykett-gua.fi\\\/kuopio\\\/varkaus\\\/varkauden-liikuntailtapaiva\\\/#primaryimage\"},\"thumbnailUrl\":\"https:\\\/\\\/xn--sykett-gua.fi\\\/kuopio\\\/wp-content\\\/uploads\\\/sites\\\/2\\\/2025\\\/02\\\/syketta-liikuntailtapaiva_Syketta-liikuntailtapaiva-talvi-kuopio-1024x576.png\",\"datePublished\":\"2025-02-25T13:39:33+00:00\",\"dateModified\":\"2026-02-12T07:08:01+00:00\",\"breadcrumb\":{\"@id\":\"https:\\\/\\\/xn--sykett-gua.fi\\\/kuopio\\\/varkaus\\\/varkauden-liikuntailtapaiva\\\/#breadcrumb\"},\"inLanguage\":\"fi\",\"potentialAction\":[{\"@type\":\"ReadAction\",\"target\":[\"https:\\\/\\\/xn--sykett-gua.fi\\\/kuopio\\\/varkaus\\\/varkauden-liikuntailtapaiva\\\/\"]}]},{\"@type\":\"ImageObject\",\"inLanguage\":\"fi\",\"@id\":\"https:\\\/\\\/xn--sykett-gua.fi\\\/kuopio\\\/varkaus\\\/varkauden-liikuntailtapaiva\\\/#primaryimage\",\"url\":\"https:\\\/\\\/xn--sykett-gua.fi\\\/kuopio\\\/wp-content\\\/uploads\\\/sites\\\/2\\\/2025\\\/02\\\/syketta-liikuntailtapaiva_Syketta-liikuntailtapaiva-talvi-kuopio.png\",\"contentUrl\":\"https:\\\/\\\/xn--sykett-gua.fi\\\/kuopio\\\/wp-content\\\/uploads\\\/sites\\\/2\\\/2025\\\/02\\\/syketta-liikuntailtapaiva_Syketta-liikuntailtapaiva-talvi-kuopio.png\",\"width\":2703,\"height\":1520},{\"@type\":\"BreadcrumbList\",\"@id\":\"https:\\\/\\\/xn--sykett-gua.fi\\\/kuopio\\\/varkaus\\\/varkauden-liikuntailtapaiva\\\/#breadcrumb\",\"itemListElement\":[{\"@type\":\"ListItem\",\"position\":1,\"name\":\"Etusivu\",\"item\":\"https:\\\/\\\/xn--sykett-gua.fi\\\/kuopio\\\/\"},{\"@type\":\"ListItem\",\"position\":2,\"name\":\"SYKETT\u00c4 Varkaus\",\"item\":\"https:\\\/\\\/xn--sykett-gua.fi\\\/kuopio\\\/varkaus\\\/\"},{\"@type\":\"ListItem\",\"position\":3,\"name\":\"Varkauden liikuntailtap\u00e4iv\u00e4\"}]},{\"@type\":\"WebSite\",\"@id\":\"https:\\\/\\\/xn--sykett-gua.fi\\\/kuopio\\\/#website\",\"url\":\"https:\\\/\\\/xn--sykett-gua.fi\\\/kuopio\\\/\",\"name\":\"SYKETT\u00c4 Kuopio\",\"description\":\"Kuopion korkeakoululiikunta\",\"publisher\":{\"@id\":\"https:\\\/\\\/xn--sykett-gua.fi\\\/kuopio\\\/#organization\"},\"potentialAction\":[{\"@type\":\"SearchAction\",\"target\":{\"@type\":\"EntryPoint\",\"urlTemplate\":\"https:\\\/\\\/xn--sykett-gua.fi\\\/kuopio\\\/?s={search_term_string}\"},\"query-input\":{\"@type\":\"PropertyValueSpecification\",\"valueRequired\":true,\"valueName\":\"search_term_string\"}}],\"inLanguage\":\"fi\"},{\"@type\":\"Organization\",\"@id\":\"https:\\\/\\\/xn--sykett-gua.fi\\\/kuopio\\\/#organization\",\"name\":\"SYKETT\u00c4 Kuopio\",\"url\":\"https:\\\/\\\/xn--sykett-gua.fi\\\/kuopio\\\/\",\"logo\":{\"@type\":\"ImageObject\",\"inLanguage\":\"fi\",\"@id\":\"https:\\\/\\\/xn--sykett-gua.fi\\\/kuopio\\\/#\\\/schema\\\/logo\\\/image\\\/\",\"url\":\"https:\\\/\\\/xn--sykett-gua.fi\\\/kuopio\\\/wp-content\\\/uploads\\\/sites\\\/2\\\/2024\\\/06\\\/Sykettalogo-02.png\",\"contentUrl\":\"https:\\\/\\\/xn--sykett-gua.fi\\\/kuopio\\\/wp-content\\\/uploads\\\/sites\\\/2\\\/2024\\\/06\\\/Sykettalogo-02.png\",\"width\":313,\"height\":119,\"caption\":\"SYKETT\u00c4 Kuopio\"},\"image\":{\"@id\":\"https:\\\/\\\/xn--sykett-gua.fi\\\/kuopio\\\/#\\\/schema\\\/logo\\\/image\\\/\"},\"sameAs\":[\"https:\\\/\\\/www.facebook.com\\\/sykettakuopio\",\"https:\\\/\\\/www.instagram.com\\\/syketta_kpo\\\/\",\"https:\\\/\\\/www.youtube.com\\\/channel\\\/UCtz5z3e0YQYE69xVWjsU7Uw\",\"https:\\\/\\\/www.tiktok.com\\\/@syketta_kuopio\"]}]}<\/script>\n<!-- \/ Yoast SEO plugin. -->","yoast_head_json":{"title":"Varkauden liikuntailtap\u00e4iv\u00e4 - SYKETT\u00c4 Kuopio","robots":{"index":"index","follow":"follow","max-snippet":"max-snippet:-1","max-image-preview":"max-image-preview:large","max-video-preview":"max-video-preview:-1"},"canonical":"https:\/\/xn--sykett-gua.fi\/kuopio\/varkaus\/varkauden-liikuntailtapaiva\/","og_locale":"fi_FI","og_type":"article","og_title":"Varkauden liikuntailtap\u00e4iv\u00e4 - SYKETT\u00c4 Kuopio","og_description":"Varkaus \u2013 liikuntailtap\u00e4iv\u00e4 tiistaina 17.2.2026 In English below! Savonian opiskelijoiden ja henkil\u00f6st\u00f6n yhteist\u00e4 liikuntailtap\u00e4iv\u00e4\u00e4 vietet\u00e4\u00e4n tiistaina 17.2.2026\u00a0klo 12-16\u00a0v\u00e4lisen\u00e4 aikana. Yhteisty\u00f6kumppanimme tarjoavat t\u00e4ll\u00e4kin kertaa monenlaisia liikuntael\u00e4myksi\u00e4 teille. Muistathan, ett\u00e4 sinulla on mahdollisuus liikkua muutoinkin\u00a0etuhintaan yhteisty\u00f6kumppaniemme kanssa. Liikuntailtap\u00e4iv\u00e4 on hyv\u00e4 mahdollisuus l\u00e4hte\u00e4 porukalla nauttimaan syyss\u00e4\u00e4st\u00e4 ja luonnosta! Ker\u00e4\u00e4 siis opiskelu- tai ty\u00f6porukka kasaan ja l\u00e4hde yhdess\u00e4 virkistym\u00e4\u00e4n. [&hellip;]","og_url":"https:\/\/xn--sykett-gua.fi\/kuopio\/varkaus\/varkauden-liikuntailtapaiva\/","og_site_name":"SYKETT\u00c4 Kuopio","article_publisher":"https:\/\/www.facebook.com\/sykettakuopio","article_modified_time":"2026-02-12T07:08:01+00:00","og_image":[{"width":2703,"height":1520,"url":"https:\/\/xn--sykett-gua.fi\/kuopio\/wp-content\/uploads\/sites\/2\/2025\/02\/syketta-liikuntailtapaiva_Syketta-liikuntailtapaiva-talvi-kuopio.png","type":"image\/png"}],"twitter_card":"summary_large_image","twitter_misc":{"Arvioitu lukuaika":"3 minuuttia"},"schema":{"@context":"https:\/\/schema.org","@graph":[{"@type":"WebPage","@id":"https:\/\/xn--sykett-gua.fi\/kuopio\/varkaus\/varkauden-liikuntailtapaiva\/","url":"https:\/\/xn--sykett-gua.fi\/kuopio\/varkaus\/varkauden-liikuntailtapaiva\/","name":"Varkauden liikuntailtap\u00e4iv\u00e4 - SYKETT\u00c4 Kuopio","isPartOf":{"@id":"https:\/\/xn--sykett-gua.fi\/kuopio\/#website"},"primaryImageOfPage":{"@id":"https:\/\/xn--sykett-gua.fi\/kuopio\/varkaus\/varkauden-liikuntailtapaiva\/#primaryimage"},"image":{"@id":"https:\/\/xn--sykett-gua.fi\/kuopio\/varkaus\/varkauden-liikuntailtapaiva\/#primaryimage"},"thumbnailUrl":"https:\/\/xn--sykett-gua.fi\/kuopio\/wp-content\/uploads\/sites\/2\/2025\/02\/syketta-liikuntailtapaiva_Syketta-liikuntailtapaiva-talvi-kuopio-1024x576.png","datePublished":"2025-02-25T13:39:33+00:00","dateModified":"2026-02-12T07:08:01+00:00","breadcrumb":{"@id":"https:\/\/xn--sykett-gua.fi\/kuopio\/varkaus\/varkauden-liikuntailtapaiva\/#breadcrumb"},"inLanguage":"fi","potentialAction":[{"@type":"ReadAction","target":["https:\/\/xn--sykett-gua.fi\/kuopio\/varkaus\/varkauden-liikuntailtapaiva\/"]}]},{"@type":"ImageObject","inLanguage":"fi","@id":"https:\/\/xn--sykett-gua.fi\/kuopio\/varkaus\/varkauden-liikuntailtapaiva\/#primaryimage","url":"https:\/\/xn--sykett-gua.fi\/kuopio\/wp-content\/uploads\/sites\/2\/2025\/02\/syketta-liikuntailtapaiva_Syketta-liikuntailtapaiva-talvi-kuopio.png","contentUrl":"https:\/\/xn--sykett-gua.fi\/kuopio\/wp-content\/uploads\/sites\/2\/2025\/02\/syketta-liikuntailtapaiva_Syketta-liikuntailtapaiva-talvi-kuopio.png","width":2703,"height":1520},{"@type":"BreadcrumbList","@id":"https:\/\/xn--sykett-gua.fi\/kuopio\/varkaus\/varkauden-liikuntailtapaiva\/#breadcrumb","itemListElement":[{"@type":"ListItem","position":1,"name":"Etusivu","item":"https:\/\/xn--sykett-gua.fi\/kuopio\/"},{"@type":"ListItem","position":2,"name":"SYKETT\u00c4 Varkaus","item":"https:\/\/xn--sykett-gua.fi\/kuopio\/varkaus\/"},{"@type":"ListItem","position":3,"name":"Varkauden liikuntailtap\u00e4iv\u00e4"}]},{"@type":"WebSite","@id":"https:\/\/xn--sykett-gua.fi\/kuopio\/#website","url":"https:\/\/xn--sykett-gua.fi\/kuopio\/","name":"SYKETT\u00c4 Kuopio","description":"Kuopion korkeakoululiikunta","publisher":{"@id":"https:\/\/xn--sykett-gua.fi\/kuopio\/#organization"},"potentialAction":[{"@type":"SearchAction","target":{"@type":"EntryPoint","urlTemplate":"https:\/\/xn--sykett-gua.fi\/kuopio\/?s={search_term_string}"},"query-input":{"@type":"PropertyValueSpecification","valueRequired":true,"valueName":"search_term_string"}}],"inLanguage":"fi"},{"@type":"Organization","@id":"https:\/\/xn--sykett-gua.fi\/kuopio\/#organization","name":"SYKETT\u00c4 Kuopio","url":"https:\/\/xn--sykett-gua.fi\/kuopio\/","logo":{"@type":"ImageObject","inLanguage":"fi","@id":"https:\/\/xn--sykett-gua.fi\/kuopio\/#\/schema\/logo\/image\/","url":"https:\/\/xn--sykett-gua.fi\/kuopio\/wp-content\/uploads\/sites\/2\/2024\/06\/Sykettalogo-02.png","contentUrl":"https:\/\/xn--sykett-gua.fi\/kuopio\/wp-content\/uploads\/sites\/2\/2024\/06\/Sykettalogo-02.png","width":313,"height":119,"caption":"SYKETT\u00c4 Kuopio"},"image":{"@id":"https:\/\/xn--sykett-gua.fi\/kuopio\/#\/schema\/logo\/image\/"},"sameAs":["https:\/\/www.facebook.com\/sykettakuopio","https:\/\/www.instagram.com\/syketta_kpo\/","https:\/\/www.youtube.com\/channel\/UCtz5z3e0YQYE69xVWjsU7Uw","https:\/\/www.tiktok.com\/@syketta_kuopio"]}]}},"_links":{"self":[{"href":"https:\/\/xn--sykett-gua.fi\/kuopio\/wp-json\/wp\/v2\/pages\/47068","targetHints":{"allow":["GET"]}}],"collection":[{"href":"https:\/\/xn--sykett-gua.fi\/kuopio\/wp-json\/wp\/v2\/pages"}],"about":[{"href":"https:\/\/xn--sykett-gua.fi\/kuopio\/wp-json\/wp\/v2\/types\/page"}],"author":[{"embeddable":true,"href":"https:\/\/xn--sykett-gua.fi\/kuopio\/wp-json\/wp\/v2\/users\/3"}],"replies":[{"embeddable":true,"href":"https:\/\/xn--sykett-gua.fi\/kuopio\/wp-json\/wp\/v2\/comments?post=47068"}],"version-history":[{"count":61,"href":"https:\/\/xn--sykett-gua.fi\/kuopio\/wp-json\/wp\/v2\/pages\/47068\/revisions"}],"predecessor-version":[{"id":51859,"href":"https:\/\/xn--sykett-gua.fi\/kuopio\/wp-json\/wp\/v2\/pages\/47068\/revisions\/51859"}],"up":[{"embeddable":true,"href":"https:\/\/xn--sykett-gua.fi\/kuopio\/wp-json\/wp\/v2\/pages\/274"}],"wp:attachment":[{"href":"https:\/\/xn--sykett-gua.fi\/kuopio\/wp-json\/wp\/v2\/media?parent=47068"}],"curies":[{"name":"wp","href":"https:\/\/api.w.org\/{rel}","templated":true}]}}